{"id":277,"date":"2026-02-27T08:56:53","date_gmt":"2026-02-27T07:56:53","guid":{"rendered":"http:\/\/cangari.disstintbeta.com\/distribucio-de-remolcs\/"},"modified":"2026-03-11T08:55:56","modified_gmt":"2026-03-11T07:55:56","slug":"distribucio-de-remolcs","status":"publish","type":"page","link":"https:\/\/cangari.com\/ca\/distribucio-de-remolcs\/","title":{"rendered":"Distribuci\u00f3 de remolcs"},"content":{"rendered":"\t\t<div data-elementor-type=\"wp-post\" data-elementor-id=\"277\" class=\"elementor elementor-277 elementor-147\" data-elementor-post-type=\"page\">\n\t\t\t\t<div class=\"elementor-element elementor-element-3295e91 e-flex e-con-boxed e-con e-parent\" data-id=\"3295e91\" data-element_type=\"container\" data-e-type=\"container\" data-settings=\"{&quot;background_background&quot;:&quot;gradient&quot;}\">\n\t\t\t\t\t<div class=\"e-con-inner\">\n\t\t<div class=\"elementor-element elementor-element-1e869e3 e-con-full e-flex e-con e-child\" data-id=\"1e869e3\" data-element_type=\"container\" data-e-type=\"container\">\n\t\t\t\t<div class=\"elementor-element elementor-element-b3a53f7 elementor-widget elementor-widget-heading\" data-id=\"b3a53f7\" data-element_type=\"widget\" data-e-type=\"widget\" data-widget_type=\"heading.default\">\n\t\t\t\t\t<h1 class=\"elementor-heading-title elementor-size-default\">Distribuci\u00f3 de remolcs<\/h1>\t\t\t\t<\/div>\n\t\t\t\t<div class=\"elementor-element elementor-element-b21534b elementor-widget elementor-widget-text-editor\" data-id=\"b21534b\" data-element_type=\"widget\" data-e-type=\"widget\" data-widget_type=\"text-editor.default\">\n\t\t\t\t\t\t\t\t\t<p>A Ca&#8217;n Gar\u00ed som distribu\u00efdors oficials de <strong>Remolcs Donate<\/strong> a les Illes Balears, una marca reconeguda per la fiabilitat i resist\u00e8ncia dels seus productes.<\/p>\t\t\t\t\t\t\t\t<\/div>\n\t\t\t\t<\/div>\n\t\t\t\t\t<\/div>\n\t\t\t\t<\/div>\n\t\t<div class=\"elementor-element elementor-element-f6d45da e-flex e-con-boxed e-con e-parent\" data-id=\"f6d45da\" data-element_type=\"container\" data-e-type=\"container\">\n\t\t\t\t\t<div class=\"e-con-inner\">\n\t\t<div class=\"elementor-element elementor-element-5ee4cd9 e-con-full e-flex e-con e-child\" data-id=\"5ee4cd9\" data-element_type=\"container\" data-e-type=\"container\" data-settings=\"{&quot;background_background&quot;:&quot;classic&quot;}\">\n\t\t\t\t<div class=\"elementor-element elementor-element-056bfcd elementor-widget elementor-widget-heading\" data-id=\"056bfcd\" data-element_type=\"widget\" data-e-type=\"widget\" data-widget_type=\"heading.default\">\n\t\t\t\t\t<h3 class=\"elementor-heading-title elementor-size-default\">Remolcs per a \u00fas professional<\/h3>\t\t\t\t<\/div>\n\t\t\t\t<div class=\"elementor-element elementor-element-79aadae elementor-widget elementor-widget-text-editor\" data-id=\"79aadae\" data-element_type=\"widget\" data-e-type=\"widget\" data-widget_type=\"text-editor.default\">\n\t\t\t\t\t\t\t\t\t<p>Disposem de remolcs dissenyats per al sector agr\u00edcola, n\u00e0utic i industrial, pensats per suportar un \u00fas intensiu i oferir m\u00e0xima seguretat durant el transport.<\/p><p>S\u00f3n solucions robustes i funcionals, adaptades a diferents activitats professionals.<\/p>\t\t\t\t\t\t\t\t<\/div>\n\t\t\t\t<\/div>\n\t\t<div class=\"elementor-element elementor-element-0243d9c e-con-full e-flex e-con e-child\" data-id=\"0243d9c\" data-element_type=\"container\" data-e-type=\"container\" data-settings=\"{&quot;background_background&quot;:&quot;classic&quot;}\">\n\t\t\t\t<div class=\"elementor-element elementor-element-3bc09e3 elementor-widget elementor-widget-heading\" data-id=\"3bc09e3\" data-element_type=\"widget\" data-e-type=\"widget\" data-widget_type=\"heading.default\">\n\t\t\t\t\t<h3 class=\"elementor-heading-title elementor-size-default\">Remolcs per a \u00fas particular<\/h3>\t\t\t\t<\/div>\n\t\t\t\t<div class=\"elementor-element elementor-element-810ea48 elementor-widget elementor-widget-text-editor\" data-id=\"810ea48\" data-element_type=\"widget\" data-e-type=\"widget\" data-widget_type=\"text-editor.default\">\n\t\t\t\t\t\t\t\t\t<p>Tamb\u00e9 oferim remolcs per a \u00fas dom\u00e8stic o puntual, ideals per a transport de materials, maquin\u00e0ria lleugera o \u00fas recreatiu.<\/p><p>El nostre equip us ajuda a triar el model m\u00e9s adequat segons les vostres necessitats reals.<\/p>\t\t\t\t\t\t\t\t<\/div>\n\t\t\t\t<\/div>\n\t\t<div class=\"elementor-element elementor-element-2c5eaef e-con-full e-flex e-con e-child\" data-id=\"2c5eaef\" data-element_type=\"container\" data-e-type=\"container\" data-settings=\"{&quot;background_background&quot;:&quot;classic&quot;}\">\n\t\t\t\t<div class=\"elementor-element elementor-element-ced5f47 elementor-widget elementor-widget-heading\" data-id=\"ced5f47\" data-element_type=\"widget\" data-e-type=\"widget\" data-widget_type=\"heading.default\">\n\t\t\t\t\t<h3 class=\"elementor-heading-title elementor-size-default\">Assessorament i confian\u00e7a<\/h3>\t\t\t\t<\/div>\n\t\t\t\t<div class=\"elementor-element elementor-element-cb2094b elementor-widget elementor-widget-text-editor\" data-id=\"cb2094b\" data-element_type=\"widget\" data-e-type=\"widget\" data-widget_type=\"text-editor.default\">\n\t\t\t\t\t\t\t\t\t<p>T&#8217;acompanyem durant tot el proc\u00e9s de compra, resolent dubtes i garantint una elecci\u00f3 segura i ajustada a cada \u00fas.<\/p>\t\t\t\t\t\t\t\t<\/div>\n\t\t\t\t<\/div>\n\t\t\t\t\t<\/div>\n\t\t\t\t<\/div>\n\t\t\t\t<\/div>\n\t\t","protected":false},"excerpt":{"rendered":"<p>Distribuci\u00f3 de remolcs A Ca&#8217;n Gar\u00ed som distribu\u00efdors oficials de Remolcs Donate a les Illes Balears, una marca reconeguda per la fiabilitat i resist\u00e8ncia dels seus productes. Remolcs per a \u00fas professional Disposem de remolcs dissenyats per al sector agr\u00edcola, n\u00e0utic i industrial, pensats per suportar un \u00fas intensiu i oferir m\u00e0xima seguretat durant el [&hellip;]<\/p>\n","protected":false},"author":1,"featured_media":0,"parent":0,"menu_order":0,"comment_status":"closed","ping_status":"closed","template":"","meta":{"footnotes":""},"class_list":["post-277","page","type-page","status-publish","hentry"],"yoast_head":"<!-- This site is optimized with the Yoast SEO plugin v27.1.1 - https:\/\/yoast.com\/product\/yoast-seo-wordpress\/ -->\n<title>Remolcs Donate a Mallorca | Ca&#039;n Gar\u00ed<\/title>\n<meta name=\"description\" content=\"Distribu\u00efdors de remolcs Donate a Mallorca. Solucions per a \u00fas professional i particular amb assessorament expert.\" \/>\n<meta name=\"robots\" content=\"index, follow, max-snippet:-1, max-image-preview:large, max-video-preview:-1\" \/>\n<link rel=\"canonical\" href=\"https:\/\/cangari.com\/ca\/distribucio-de-remolcs\/\" \/>\n<meta property=\"og:locale\" content=\"ca_ES\" \/>\n<meta property=\"og:type\" content=\"article\" \/>\n<meta property=\"og:title\" content=\"Remolcs Donate a Mallorca | Ca&#039;n Gar\u00ed\" \/>\n<meta property=\"og:description\" content=\"Distribu\u00efdors de remolcs Donate a Mallorca. Solucions per a \u00fas professional i particular amb assessorament expert.\" \/>\n<meta property=\"og:url\" content=\"https:\/\/cangari.com\/ca\/distribucio-de-remolcs\/\" \/>\n<meta property=\"og:site_name\" content=\"Ca&#039;n Gari\" \/>\n<meta property=\"article:modified_time\" content=\"2026-03-11T07:55:56+00:00\" \/>\n<meta name=\"twitter:card\" content=\"summary_large_image\" \/>\n<meta name=\"twitter:label1\" content=\"Temps estimat de lectura\" \/>\n\t<meta name=\"twitter:data1\" content=\"1 minut\" \/>\n<script type=\"application\/ld+json\" class=\"yoast-schema-graph\">{\"@context\":\"https:\/\/schema.org\",\"@graph\":[{\"@type\":\"WebPage\",\"@id\":\"https:\/\/cangari.com\/ca\/distribucio-de-remolcs\/\",\"url\":\"https:\/\/cangari.com\/ca\/distribucio-de-remolcs\/\",\"name\":\"Remolcs Donate a Mallorca | Ca'n Gar\u00ed\",\"isPartOf\":{\"@id\":\"https:\/\/cangari.com\/ca\/#website\"},\"datePublished\":\"2026-02-27T07:56:53+00:00\",\"dateModified\":\"2026-03-11T07:55:56+00:00\",\"description\":\"Distribu\u00efdors de remolcs Donate a Mallorca. Solucions per a \u00fas professional i particular amb assessorament expert.\",\"breadcrumb\":{\"@id\":\"https:\/\/cangari.com\/ca\/distribucio-de-remolcs\/#breadcrumb\"},\"inLanguage\":\"ca\",\"potentialAction\":[{\"@type\":\"ReadAction\",\"target\":[\"https:\/\/cangari.com\/ca\/distribucio-de-remolcs\/\"]}]},{\"@type\":\"BreadcrumbList\",\"@id\":\"https:\/\/cangari.com\/ca\/distribucio-de-remolcs\/#breadcrumb\",\"itemListElement\":[{\"@type\":\"ListItem\",\"position\":1,\"name\":\"Portada\",\"item\":\"https:\/\/cangari.com\/ca\/\"},{\"@type\":\"ListItem\",\"position\":2,\"name\":\"Distribuci\u00f3 de remolcs\"}]},{\"@type\":\"WebSite\",\"@id\":\"https:\/\/cangari.com\/ca\/#website\",\"url\":\"https:\/\/cangari.com\/ca\/\",\"name\":\"Ca&#039;n Gari\",\"description\":\"Destribuci\u00f3n de materiales de construcci\u00f3n, estufas y remolques.\",\"publisher\":{\"@id\":\"https:\/\/cangari.com\/ca\/#organization\"},\"potentialAction\":[{\"@type\":\"SearchAction\",\"target\":{\"@type\":\"EntryPoint\",\"urlTemplate\":\"https:\/\/cangari.com\/ca\/?s={search_term_string}\"},\"query-input\":{\"@type\":\"PropertyValueSpecification\",\"valueRequired\":true,\"valueName\":\"search_term_string\"}}],\"inLanguage\":\"ca\"},{\"@type\":\"Organization\",\"@id\":\"https:\/\/cangari.com\/ca\/#organization\",\"name\":\"Ca&#039;n Gari\",\"url\":\"https:\/\/cangari.com\/ca\/\",\"logo\":{\"@type\":\"ImageObject\",\"inLanguage\":\"ca\",\"@id\":\"https:\/\/cangari.com\/ca\/#\/schema\/logo\/image\/\",\"url\":\"https:\/\/cangari.com\/wp-content\/uploads\/2026\/01\/logo-rojo.svg\",\"contentUrl\":\"https:\/\/cangari.com\/wp-content\/uploads\/2026\/01\/logo-rojo.svg\",\"width\":179,\"height\":42,\"caption\":\"Ca&#039;n Gari\"},\"image\":{\"@id\":\"https:\/\/cangari.com\/ca\/#\/schema\/logo\/image\/\"}}]}<\/script>\n<!-- \/ Yoast SEO plugin. -->","yoast_head_json":{"title":"Remolcs Donate a Mallorca | Ca'n Gar\u00ed","description":"Distribu\u00efdors de remolcs Donate a Mallorca. Solucions per a \u00fas professional i particular amb assessorament expert.","robots":{"index":"index","follow":"follow","max-snippet":"max-snippet:-1","max-image-preview":"max-image-preview:large","max-video-preview":"max-video-preview:-1"},"canonical":"https:\/\/cangari.com\/ca\/distribucio-de-remolcs\/","og_locale":"ca_ES","og_type":"article","og_title":"Remolcs Donate a Mallorca | Ca'n Gar\u00ed","og_description":"Distribu\u00efdors de remolcs Donate a Mallorca. Solucions per a \u00fas professional i particular amb assessorament expert.","og_url":"https:\/\/cangari.com\/ca\/distribucio-de-remolcs\/","og_site_name":"Ca&#039;n Gari","article_modified_time":"2026-03-11T07:55:56+00:00","twitter_card":"summary_large_image","twitter_misc":{"Temps estimat de lectura":"1 minut"},"schema":{"@context":"https:\/\/schema.org","@graph":[{"@type":"WebPage","@id":"https:\/\/cangari.com\/ca\/distribucio-de-remolcs\/","url":"https:\/\/cangari.com\/ca\/distribucio-de-remolcs\/","name":"Remolcs Donate a Mallorca | Ca'n Gar\u00ed","isPartOf":{"@id":"https:\/\/cangari.com\/ca\/#website"},"datePublished":"2026-02-27T07:56:53+00:00","dateModified":"2026-03-11T07:55:56+00:00","description":"Distribu\u00efdors de remolcs Donate a Mallorca. Solucions per a \u00fas professional i particular amb assessorament expert.","breadcrumb":{"@id":"https:\/\/cangari.com\/ca\/distribucio-de-remolcs\/#breadcrumb"},"inLanguage":"ca","potentialAction":[{"@type":"ReadAction","target":["https:\/\/cangari.com\/ca\/distribucio-de-remolcs\/"]}]},{"@type":"BreadcrumbList","@id":"https:\/\/cangari.com\/ca\/distribucio-de-remolcs\/#breadcrumb","itemListElement":[{"@type":"ListItem","position":1,"name":"Portada","item":"https:\/\/cangari.com\/ca\/"},{"@type":"ListItem","position":2,"name":"Distribuci\u00f3 de remolcs"}]},{"@type":"WebSite","@id":"https:\/\/cangari.com\/ca\/#website","url":"https:\/\/cangari.com\/ca\/","name":"Ca&#039;n Gari","description":"Destribuci\u00f3n de materiales de construcci\u00f3n, estufas y remolques.","publisher":{"@id":"https:\/\/cangari.com\/ca\/#organization"},"potentialAction":[{"@type":"SearchAction","target":{"@type":"EntryPoint","urlTemplate":"https:\/\/cangari.com\/ca\/?s={search_term_string}"},"query-input":{"@type":"PropertyValueSpecification","valueRequired":true,"valueName":"search_term_string"}}],"inLanguage":"ca"},{"@type":"Organization","@id":"https:\/\/cangari.com\/ca\/#organization","name":"Ca&#039;n Gari","url":"https:\/\/cangari.com\/ca\/","logo":{"@type":"ImageObject","inLanguage":"ca","@id":"https:\/\/cangari.com\/ca\/#\/schema\/logo\/image\/","url":"https:\/\/cangari.com\/wp-content\/uploads\/2026\/01\/logo-rojo.svg","contentUrl":"https:\/\/cangari.com\/wp-content\/uploads\/2026\/01\/logo-rojo.svg","width":179,"height":42,"caption":"Ca&#039;n Gari"},"image":{"@id":"https:\/\/cangari.com\/ca\/#\/schema\/logo\/image\/"}}]}},"_links":{"self":[{"href":"https:\/\/cangari.com\/ca\/wp-json\/wp\/v2\/pages\/277","targetHints":{"allow":["GET"]}}],"collection":[{"href":"https:\/\/cangari.com\/ca\/wp-json\/wp\/v2\/pages"}],"about":[{"href":"https:\/\/cangari.com\/ca\/wp-json\/wp\/v2\/types\/page"}],"author":[{"embeddable":true,"href":"https:\/\/cangari.com\/ca\/wp-json\/wp\/v2\/users\/1"}],"replies":[{"embeddable":true,"href":"https:\/\/cangari.com\/ca\/wp-json\/wp\/v2\/comments?post=277"}],"version-history":[{"count":3,"href":"https:\/\/cangari.com\/ca\/wp-json\/wp\/v2\/pages\/277\/revisions"}],"predecessor-version":[{"id":373,"href":"https:\/\/cangari.com\/ca\/wp-json\/wp\/v2\/pages\/277\/revisions\/373"}],"wp:attachment":[{"href":"https:\/\/cangari.com\/ca\/wp-json\/wp\/v2\/media?parent=277"}],"curies":[{"name":"wp","href":"https:\/\/api.w.org\/{rel}","templated":true}]}}