{"id":284,"date":"2026-02-27T08:46:14","date_gmt":"2026-02-27T07:46:14","guid":{"rendered":"http:\/\/cangari.disstintbeta.com\/qui-som\/"},"modified":"2026-02-27T11:41:37","modified_gmt":"2026-02-27T10:41:37","slug":"qui-som","status":"publish","type":"page","link":"https:\/\/cangari.com\/ca\/qui-som\/","title":{"rendered":"Qui som"},"content":{"rendered":"\t\t<div data-elementor-type=\"wp-post\" data-elementor-id=\"284\" class=\"elementor elementor-284 elementor-124\" data-elementor-post-type=\"page\">\n\t\t\t\t<div class=\"elementor-element elementor-element-fceddeb e-flex e-con-boxed e-con e-parent\" data-id=\"fceddeb\" data-element_type=\"container\" data-e-type=\"container\" data-settings=\"{&quot;background_background&quot;:&quot;gradient&quot;}\">\n\t\t\t\t\t<div class=\"e-con-inner\">\n\t\t<div class=\"elementor-element elementor-element-aa2f14d e-con-full e-flex e-con e-child\" data-id=\"aa2f14d\" data-element_type=\"container\" data-e-type=\"container\">\n\t\t\t\t<div class=\"elementor-element elementor-element-565a329 elementor-widget elementor-widget-heading\" data-id=\"565a329\" data-element_type=\"widget\" data-e-type=\"widget\" data-widget_type=\"heading.default\">\n\t\t\t\t\t<h1 class=\"elementor-heading-title elementor-size-default\">Qui som<\/h1>\t\t\t\t<\/div>\n\t\t\t\t<div class=\"elementor-element elementor-element-83e204d elementor-widget elementor-widget-text-editor\" data-id=\"83e204d\" data-element_type=\"widget\" data-e-type=\"widget\" data-widget_type=\"text-editor.default\">\n\t\t\t\t\t\t\t\t\t<p>Ca&#8217;n Gar\u00ed \u00e9s una empresa familiar amb una llarga traject\u00f2ria al sector del transport i la distribuci\u00f3 de materials. Des del 1985 treballem amb un objectiu clar: oferir productes de qualitat i un servei proper, honest i professional.<\/p>\t\t\t\t\t\t\t\t<\/div>\n\t\t\t\t<\/div>\n\t\t\t\t\t<\/div>\n\t\t\t\t<\/div>\n\t\t<div class=\"elementor-element elementor-element-da33f30 e-flex e-con-boxed e-con e-parent\" data-id=\"da33f30\" data-element_type=\"container\" data-e-type=\"container\">\n\t\t\t\t\t<div class=\"e-con-inner\">\n\t\t<div class=\"elementor-element elementor-element-4d01bd0 e-con-full e-flex e-con e-child\" data-id=\"4d01bd0\" data-element_type=\"container\" data-e-type=\"container\">\n\t\t\t\t<div class=\"elementor-element elementor-element-5f7b62f elementor-widget elementor-widget-image\" data-id=\"5f7b62f\" data-element_type=\"widget\" data-e-type=\"widget\" data-widget_type=\"image.default\">\n\t\t\t\t\t\t\t\t\t\t\t\t\t\t\t<img fetchpriority=\"high\" decoding=\"async\" width=\"540\" height=\"600\" src=\"https:\/\/can-gari.fra1.digitaloceanspaces.com\/wp-content\/uploads\/2026\/02\/nuestra-historia-banner.webp\" class=\"attachment-full size-full wp-image-286\" alt=\"empresa familiar mallorca\" srcset=\"https:\/\/can-gari.fra1.digitaloceanspaces.com\/wp-content\/uploads\/2026\/02\/nuestra-historia-banner.webp 540w, https:\/\/can-gari.fra1.digitaloceanspaces.com\/wp-content\/uploads\/2026\/02\/nuestra-historia-banner-270x300.webp 270w\" sizes=\"(max-width: 540px) 100vw, 540px\" \/>\t\t\t\t\t\t\t\t\t\t\t\t\t\t\t<\/div>\n\t\t\t\t<\/div>\n\t\t<div class=\"elementor-element elementor-element-9e22486 e-con-full e-flex e-con e-child\" data-id=\"9e22486\" data-element_type=\"container\" data-e-type=\"container\">\n\t\t\t\t<div class=\"elementor-element elementor-element-864a59a titulo elementor-widget elementor-widget-heading\" data-id=\"864a59a\" data-element_type=\"widget\" data-e-type=\"widget\" data-widget_type=\"heading.default\">\n\t\t\t\t\t<h2 class=\"elementor-heading-title elementor-size-default\">La nostra hist\u00f2ria<\/h2>\t\t\t\t<\/div>\n\t\t\t\t<div class=\"elementor-element elementor-element-42e8c9b elementor-widget elementor-widget-text-editor\" data-id=\"42e8c9b\" data-element_type=\"widget\" data-e-type=\"widget\" data-widget_type=\"text-editor.default\">\n\t\t\t\t\t\t\t\t\t<p>La nostra aventura va comen\u00e7ar l\u00b4any 2000, impulsada per la il\u00b7lusi\u00f3 d\u00b4una nova generaci\u00f3 i l\u00b4experi\u00e8ncia del nostre pare i mestre, Joan Gar\u00ed.<\/p><p>Des de l&#8217;inici, apostem per un tracte personal i familiar, heretat d&#8217;altres temps, combinant-ho amb una evoluci\u00f3 constant per adaptar-nos a les necessitats del mercat actual.<\/p><p>Iniciem la nostra activitat en el sector del transport, ampliant posteriorment la nostra oferta a la comercialitzaci\u00f3 de materials de construcci\u00f3 i, m\u00e9s recentment, a la distribuci\u00f3 de remolcs i estufes de p\u00e8l\u00b7let i llenya.<\/p>\t\t\t\t\t\t\t\t<\/div>\n\t\t\t\t<\/div>\n\t\t\t\t\t<\/div>\n\t\t\t\t<\/div>\n\t\t<div class=\"elementor-element elementor-element-a340a6e e-flex e-con-boxed e-con e-parent\" data-id=\"a340a6e\" data-element_type=\"container\" data-e-type=\"container\">\n\t\t\t\t\t<div class=\"e-con-inner\">\n\t\t<div class=\"elementor-element elementor-element-d8284d6 e-con-full e-flex e-con e-child\" data-id=\"d8284d6\" data-element_type=\"container\" data-e-type=\"container\">\n\t\t\t\t<div class=\"elementor-element elementor-element-b0dcc50 elementor-widget elementor-widget-image\" data-id=\"b0dcc50\" data-element_type=\"widget\" data-e-type=\"widget\" data-widget_type=\"image.default\">\n\t\t\t\t\t\t\t\t\t\t\t\t\t\t\t<img decoding=\"async\" width=\"540\" height=\"612\" src=\"https:\/\/can-gari.fra1.digitaloceanspaces.com\/wp-content\/uploads\/2026\/02\/nuestros-valores-banner.webp\" class=\"attachment-full size-full wp-image-288\" alt=\"empresa familiar mallorca\" srcset=\"https:\/\/can-gari.fra1.digitaloceanspaces.com\/wp-content\/uploads\/2026\/02\/nuestros-valores-banner.webp 540w, https:\/\/can-gari.fra1.digitaloceanspaces.com\/wp-content\/uploads\/2026\/02\/nuestros-valores-banner-265x300.webp 265w\" sizes=\"(max-width: 540px) 100vw, 540px\" \/>\t\t\t\t\t\t\t\t\t\t\t\t\t\t\t<\/div>\n\t\t\t\t<\/div>\n\t\t<div class=\"elementor-element elementor-element-69d57ae e-con-full e-flex e-con e-child\" data-id=\"69d57ae\" data-element_type=\"container\" data-e-type=\"container\">\n\t\t\t\t<div class=\"elementor-element elementor-element-b909fb9 titulo elementor-widget elementor-widget-heading\" data-id=\"b909fb9\" data-element_type=\"widget\" data-e-type=\"widget\" data-widget_type=\"heading.default\">\n\t\t\t\t\t<h2 class=\"elementor-heading-title elementor-size-default\">Els nostres valors<\/h2>\t\t\t\t<\/div>\n\t\t\t\t<div class=\"elementor-element elementor-element-6a1ea2f elementor-widget elementor-widget-text-editor\" data-id=\"6a1ea2f\" data-element_type=\"widget\" data-e-type=\"widget\" data-widget_type=\"text-editor.default\">\n\t\t\t\t\t\t\t\t\t<p>Amb m\u00e9s de dues d\u00e8cades d&#8217;experi\u00e8ncia, el nostre millor aval \u00e9s la <strong>confian\u00e7a i la fidelitat dels nostres clients<\/strong> , que ens impulsen a seguir millorant dia a dia.<\/p><p>El <strong>comprom\u00eds, la serietat i la dedicaci\u00f3<\/strong> s\u00f3n els pilars que ens defineixen i que ens consoliden com una <strong>empresa de refer\u00e8ncia dins el nostre sector.<\/strong><\/p>\t\t\t\t\t\t\t\t<\/div>\n\t\t\t\t<\/div>\n\t\t\t\t\t<\/div>\n\t\t\t\t<\/div>\n\t\t\t\t<\/div>\n\t\t","protected":false},"excerpt":{"rendered":"<p>Qui som Ca&#8217;n Gar\u00ed \u00e9s una empresa familiar amb una llarga traject\u00f2ria al sector del transport i la distribuci\u00f3 de materials. Des del 1985 treballem amb un objectiu clar: oferir productes de qualitat i un servei proper, honest i professional. La nostra hist\u00f2ria La nostra aventura va comen\u00e7ar l\u00b4any 2000, impulsada per la il\u00b7lusi\u00f3 d\u00b4una [&hellip;]<\/p>\n","protected":false},"author":1,"featured_media":0,"parent":0,"menu_order":0,"comment_status":"closed","ping_status":"closed","template":"","meta":{"footnotes":""},"class_list":["post-284","page","type-page","status-publish","hentry"],"yoast_head":"<!-- This site is optimized with the Yoast SEO plugin v27.1.1 - https:\/\/yoast.com\/product\/yoast-seo-wordpress\/ -->\n<title>Qui som | Ca&#039;n Gar\u00ed - Materials de construcci\u00f3, remolcs i estufes a Mallorca<\/title>\n<meta name=\"description\" content=\"Descobreix la hist\u00f2ria i els valors de Ca&#039;n Gar\u00ed, empresa familiar amb m\u00e9s de 40 anys d&#039;experi\u00e8ncia a Mallorca.\" \/>\n<meta name=\"robots\" content=\"index, follow, max-snippet:-1, max-image-preview:large, max-video-preview:-1\" \/>\n<link rel=\"canonical\" href=\"https:\/\/cangari.com\/ca\/qui-som\/\" \/>\n<meta property=\"og:locale\" content=\"ca_ES\" \/>\n<meta property=\"og:type\" content=\"article\" \/>\n<meta property=\"og:title\" content=\"Qui som | Ca&#039;n Gar\u00ed - Materials de construcci\u00f3, remolcs i estufes a Mallorca\" \/>\n<meta property=\"og:description\" content=\"Descobreix la hist\u00f2ria i els valors de Ca&#039;n Gar\u00ed, empresa familiar amb m\u00e9s de 40 anys d&#039;experi\u00e8ncia a Mallorca.\" \/>\n<meta property=\"og:url\" content=\"https:\/\/cangari.com\/ca\/qui-som\/\" \/>\n<meta property=\"og:site_name\" content=\"Ca&#039;n Gari\" \/>\n<meta property=\"article:modified_time\" content=\"2026-02-27T10:41:37+00:00\" \/>\n<meta property=\"og:image\" content=\"http:\/\/cangari.disstintbeta.com\/wp-content\/uploads\/2026\/02\/nuestra-historia-banner.webp\" \/>\n<meta name=\"twitter:card\" content=\"summary_large_image\" \/>\n<meta name=\"twitter:label1\" content=\"Temps estimat de lectura\" \/>\n\t<meta name=\"twitter:data1\" content=\"1 minut\" \/>\n<script type=\"application\/ld+json\" class=\"yoast-schema-graph\">{\"@context\":\"https:\/\/schema.org\",\"@graph\":[{\"@type\":\"WebPage\",\"@id\":\"https:\/\/cangari.com\/ca\/qui-som\/\",\"url\":\"https:\/\/cangari.com\/ca\/qui-som\/\",\"name\":\"Qui som | Ca'n Gar\u00ed - Materials de construcci\u00f3, remolcs i estufes a Mallorca\",\"isPartOf\":{\"@id\":\"https:\/\/cangari.com\/ca\/#website\"},\"primaryImageOfPage\":{\"@id\":\"https:\/\/cangari.com\/ca\/qui-som\/#primaryimage\"},\"image\":{\"@id\":\"https:\/\/cangari.com\/ca\/qui-som\/#primaryimage\"},\"thumbnailUrl\":\"http:\/\/cangari.disstintbeta.com\/wp-content\/uploads\/2026\/02\/nuestra-historia-banner.webp\",\"datePublished\":\"2026-02-27T07:46:14+00:00\",\"dateModified\":\"2026-02-27T10:41:37+00:00\",\"description\":\"Descobreix la hist\u00f2ria i els valors de Ca'n Gar\u00ed, empresa familiar amb m\u00e9s de 40 anys d'experi\u00e8ncia a Mallorca.\",\"breadcrumb\":{\"@id\":\"https:\/\/cangari.com\/ca\/qui-som\/#breadcrumb\"},\"inLanguage\":\"ca\",\"potentialAction\":[{\"@type\":\"ReadAction\",\"target\":[\"https:\/\/cangari.com\/ca\/qui-som\/\"]}]},{\"@type\":\"ImageObject\",\"inLanguage\":\"ca\",\"@id\":\"https:\/\/cangari.com\/ca\/qui-som\/#primaryimage\",\"url\":\"http:\/\/cangari.disstintbeta.com\/wp-content\/uploads\/2026\/02\/nuestra-historia-banner.webp\",\"contentUrl\":\"http:\/\/cangari.disstintbeta.com\/wp-content\/uploads\/2026\/02\/nuestra-historia-banner.webp\"},{\"@type\":\"BreadcrumbList\",\"@id\":\"https:\/\/cangari.com\/ca\/qui-som\/#breadcrumb\",\"itemListElement\":[{\"@type\":\"ListItem\",\"position\":1,\"name\":\"Portada\",\"item\":\"https:\/\/cangari.com\/ca\/\"},{\"@type\":\"ListItem\",\"position\":2,\"name\":\"Qui som\"}]},{\"@type\":\"WebSite\",\"@id\":\"https:\/\/cangari.com\/ca\/#website\",\"url\":\"https:\/\/cangari.com\/ca\/\",\"name\":\"Ca&#039;n Gari\",\"description\":\"Destribuci\u00f3n de materiales de construcci\u00f3n, estufas y remolques.\",\"publisher\":{\"@id\":\"https:\/\/cangari.com\/ca\/#organization\"},\"potentialAction\":[{\"@type\":\"SearchAction\",\"target\":{\"@type\":\"EntryPoint\",\"urlTemplate\":\"https:\/\/cangari.com\/ca\/?s={search_term_string}\"},\"query-input\":{\"@type\":\"PropertyValueSpecification\",\"valueRequired\":true,\"valueName\":\"search_term_string\"}}],\"inLanguage\":\"ca\"},{\"@type\":\"Organization\",\"@id\":\"https:\/\/cangari.com\/ca\/#organization\",\"name\":\"Ca&#039;n Gari\",\"url\":\"https:\/\/cangari.com\/ca\/\",\"logo\":{\"@type\":\"ImageObject\",\"inLanguage\":\"ca\",\"@id\":\"https:\/\/cangari.com\/ca\/#\/schema\/logo\/image\/\",\"url\":\"https:\/\/cangari.com\/wp-content\/uploads\/2026\/01\/logo-rojo.svg\",\"contentUrl\":\"https:\/\/cangari.com\/wp-content\/uploads\/2026\/01\/logo-rojo.svg\",\"width\":179,\"height\":42,\"caption\":\"Ca&#039;n Gari\"},\"image\":{\"@id\":\"https:\/\/cangari.com\/ca\/#\/schema\/logo\/image\/\"}}]}<\/script>\n<!-- \/ Yoast SEO plugin. -->","yoast_head_json":{"title":"Qui som | Ca'n Gar\u00ed - Materials de construcci\u00f3, remolcs i estufes a Mallorca","description":"Descobreix la hist\u00f2ria i els valors de Ca'n Gar\u00ed, empresa familiar amb m\u00e9s de 40 anys d'experi\u00e8ncia a Mallorca.","robots":{"index":"index","follow":"follow","max-snippet":"max-snippet:-1","max-image-preview":"max-image-preview:large","max-video-preview":"max-video-preview:-1"},"canonical":"https:\/\/cangari.com\/ca\/qui-som\/","og_locale":"ca_ES","og_type":"article","og_title":"Qui som | Ca'n Gar\u00ed - Materials de construcci\u00f3, remolcs i estufes a Mallorca","og_description":"Descobreix la hist\u00f2ria i els valors de Ca'n Gar\u00ed, empresa familiar amb m\u00e9s de 40 anys d'experi\u00e8ncia a Mallorca.","og_url":"https:\/\/cangari.com\/ca\/qui-som\/","og_site_name":"Ca&#039;n Gari","article_modified_time":"2026-02-27T10:41:37+00:00","og_image":[{"url":"http:\/\/cangari.disstintbeta.com\/wp-content\/uploads\/2026\/02\/nuestra-historia-banner.webp","type":"","width":"","height":""}],"twitter_card":"summary_large_image","twitter_misc":{"Temps estimat de lectura":"1 minut"},"schema":{"@context":"https:\/\/schema.org","@graph":[{"@type":"WebPage","@id":"https:\/\/cangari.com\/ca\/qui-som\/","url":"https:\/\/cangari.com\/ca\/qui-som\/","name":"Qui som | Ca'n Gar\u00ed - Materials de construcci\u00f3, remolcs i estufes a Mallorca","isPartOf":{"@id":"https:\/\/cangari.com\/ca\/#website"},"primaryImageOfPage":{"@id":"https:\/\/cangari.com\/ca\/qui-som\/#primaryimage"},"image":{"@id":"https:\/\/cangari.com\/ca\/qui-som\/#primaryimage"},"thumbnailUrl":"http:\/\/cangari.disstintbeta.com\/wp-content\/uploads\/2026\/02\/nuestra-historia-banner.webp","datePublished":"2026-02-27T07:46:14+00:00","dateModified":"2026-02-27T10:41:37+00:00","description":"Descobreix la hist\u00f2ria i els valors de Ca'n Gar\u00ed, empresa familiar amb m\u00e9s de 40 anys d'experi\u00e8ncia a Mallorca.","breadcrumb":{"@id":"https:\/\/cangari.com\/ca\/qui-som\/#breadcrumb"},"inLanguage":"ca","potentialAction":[{"@type":"ReadAction","target":["https:\/\/cangari.com\/ca\/qui-som\/"]}]},{"@type":"ImageObject","inLanguage":"ca","@id":"https:\/\/cangari.com\/ca\/qui-som\/#primaryimage","url":"http:\/\/cangari.disstintbeta.com\/wp-content\/uploads\/2026\/02\/nuestra-historia-banner.webp","contentUrl":"http:\/\/cangari.disstintbeta.com\/wp-content\/uploads\/2026\/02\/nuestra-historia-banner.webp"},{"@type":"BreadcrumbList","@id":"https:\/\/cangari.com\/ca\/qui-som\/#breadcrumb","itemListElement":[{"@type":"ListItem","position":1,"name":"Portada","item":"https:\/\/cangari.com\/ca\/"},{"@type":"ListItem","position":2,"name":"Qui som"}]},{"@type":"WebSite","@id":"https:\/\/cangari.com\/ca\/#website","url":"https:\/\/cangari.com\/ca\/","name":"Ca&#039;n Gari","description":"Destribuci\u00f3n de materiales de construcci\u00f3n, estufas y remolques.","publisher":{"@id":"https:\/\/cangari.com\/ca\/#organization"},"potentialAction":[{"@type":"SearchAction","target":{"@type":"EntryPoint","urlTemplate":"https:\/\/cangari.com\/ca\/?s={search_term_string}"},"query-input":{"@type":"PropertyValueSpecification","valueRequired":true,"valueName":"search_term_string"}}],"inLanguage":"ca"},{"@type":"Organization","@id":"https:\/\/cangari.com\/ca\/#organization","name":"Ca&#039;n Gari","url":"https:\/\/cangari.com\/ca\/","logo":{"@type":"ImageObject","inLanguage":"ca","@id":"https:\/\/cangari.com\/ca\/#\/schema\/logo\/image\/","url":"https:\/\/cangari.com\/wp-content\/uploads\/2026\/01\/logo-rojo.svg","contentUrl":"https:\/\/cangari.com\/wp-content\/uploads\/2026\/01\/logo-rojo.svg","width":179,"height":42,"caption":"Ca&#039;n Gari"},"image":{"@id":"https:\/\/cangari.com\/ca\/#\/schema\/logo\/image\/"}}]}},"_links":{"self":[{"href":"https:\/\/cangari.com\/ca\/wp-json\/wp\/v2\/pages\/284","targetHints":{"allow":["GET"]}}],"collection":[{"href":"https:\/\/cangari.com\/ca\/wp-json\/wp\/v2\/pages"}],"about":[{"href":"https:\/\/cangari.com\/ca\/wp-json\/wp\/v2\/types\/page"}],"author":[{"embeddable":true,"href":"https:\/\/cangari.com\/ca\/wp-json\/wp\/v2\/users\/1"}],"replies":[{"embeddable":true,"href":"https:\/\/cangari.com\/ca\/wp-json\/wp\/v2\/comments?post=284"}],"version-history":[{"count":1,"href":"https:\/\/cangari.com\/ca\/wp-json\/wp\/v2\/pages\/284\/revisions"}],"predecessor-version":[{"id":295,"href":"https:\/\/cangari.com\/ca\/wp-json\/wp\/v2\/pages\/284\/revisions\/295"}],"wp:attachment":[{"href":"https:\/\/cangari.com\/ca\/wp-json\/wp\/v2\/media?parent=284"}],"curies":[{"name":"wp","href":"https:\/\/api.w.org\/{rel}","templated":true}]}}